{"id":80,"date":"2025-02-24T13:51:17","date_gmt":"2025-02-24T13:51:17","guid":{"rendered":"https:\/\/thelaborbridge.com\/?page_id=80"},"modified":"2026-02-06T01:29:08","modified_gmt":"2026-02-06T01:29:08","slug":"nuestro-equipo","status":"publish","type":"page","link":"https:\/\/thelaborbridge.com\/?page_id=80","title":{"rendered":"Nuestro Equipo"},"content":{"rendered":"\t\t<div data-elementor-type=\"wp-page\" data-elementor-id=\"80\" class=\"elementor elementor-80\">\n\t\t\t\t<div class=\"elementor-element elementor-element-a0b949e e-con-full e-flex e-con e-parent\" data-id=\"a0b949e\" data-element_type=\"container\">\n\t\t\t\t<div class=\"elementor-element elementor-element-03d1c80 elementor-widget__width-initial elementor-widget elementor-widget-heading\" data-id=\"03d1c80\" data-element_type=\"widget\" data-widget_type=\"heading.default\">\n\t\t\t\t<div class=\"elementor-widget-container\">\n\t\t\t\t\t<h2 class=\"elementor-heading-title elementor-size-default\">EQUIPO DIRECTIVO | CONSULTOR<\/h2>\t\t\t\t<\/div>\n\t\t\t\t<\/div>\n\t\t<div class=\"elementor-element elementor-element-ea41649 e-con-full e-flex e-con e-child\" data-id=\"ea41649\" data-element_type=\"container\">\n\t\t<div class=\"elementor-element elementor-element-edbc0a0 e-con-full e-flex e-con e-child\" data-id=\"edbc0a0\" data-element_type=\"container\">\n\t\t<div class=\"elementor-element elementor-element-a05f5d4 e-con-full e-flex e-con e-child\" data-id=\"a05f5d4\" data-element_type=\"container\">\n\t\t\t\t<div class=\"elementor-element elementor-element-bdbd5fe elementor-widget elementor-widget-image\" data-id=\"bdbd5fe\" data-element_type=\"widget\" data-widget_type=\"image.default\">\n\t\t\t\t<div class=\"elementor-widget-container\">\n\t\t\t\t\t\t\t\t\t\t\t\t\t\t\t<img decoding=\"async\" width=\"192\" height=\"188\" src=\"https:\/\/thelaborbridge.com\/wp-content\/uploads\/2025\/02\/Alejandro-.png\" class=\"attachment-large size-large wp-image-34\" alt=\"\" \/>\t\t\t\t\t\t\t\t\t\t\t\t\t\t\t<\/div>\n\t\t\t\t<\/div>\n\t\t\t\t<\/div>\n\t\t<div class=\"elementor-element elementor-element-8d01dbd e-con-full e-flex e-con e-child\" data-id=\"8d01dbd\" data-element_type=\"container\">\n\t\t\t\t<div class=\"elementor-element elementor-element-9e38e39 elementor-widget__width-initial elementor-widget elementor-widget-heading\" data-id=\"9e38e39\" data-element_type=\"widget\" data-widget_type=\"heading.default\">\n\t\t\t\t<div class=\"elementor-widget-container\">\n\t\t\t\t\t<h2 class=\"elementor-heading-title elementor-size-default\">Sad\u00ed Medina Rojas \n<br>\nDirector General\u200b<\/h2>\t\t\t\t<\/div>\n\t\t\t\t<\/div>\n\t\t\t\t<div class=\"elementor-element elementor-element-4f46f6b elementor-widget__width-initial elementor-widget elementor-widget-heading\" data-id=\"4f46f6b\" data-element_type=\"widget\" data-widget_type=\"heading.default\">\n\t\t\t\t<div class=\"elementor-widget-container\">\n\t\t\t\t\t<h2 class=\"elementor-heading-title elementor-size-default\">Ejecutivo con m\u00e1s de 40 a\u00f1os de experiencia en Recursos Humanos, Operaciones y Management Gerencial. Gerente Personal y Relaciones Laborales en Grupo AMSA \u2013 Minera Los Pelambres. Asesor Ejecutivo Gerencia General \u2013 Minera Michilla. Superintendete General Enami \u2013 Fundici\u00f3n &amp; Refiner\u00eda Ventanas. Superintendente General  Enami \u2013  Fundici\u00f3n &amp; Refiner\u00eda Paipote.\nJefe Departamento Qu\u00edmica \u2013 Good Year Chile. \n<br><br>\nConsultor\u00edas en Minera Teck,  Grupo Komatsu Cummins Chile, Newmont- GoldCorp Argentina, Anglo American Mina El Soldado y Minera Zaldivar. \n<\/h2>\t\t\t\t<\/div>\n\t\t\t\t<\/div>\n\t\t\t\t<\/div>\n\t\t\t\t<\/div>\n\t\t<div class=\"elementor-element elementor-element-ce1c577 e-con-full e-flex e-con e-child\" data-id=\"ce1c577\" data-element_type=\"container\">\n\t\t<div class=\"elementor-element elementor-element-8d0bf58 e-con-full e-flex e-con e-child\" data-id=\"8d0bf58\" data-element_type=\"container\">\n\t\t\t\t<div class=\"elementor-element elementor-element-995bf7b elementor-widget elementor-widget-image\" data-id=\"995bf7b\" data-element_type=\"widget\" data-widget_type=\"image.default\">\n\t\t\t\t<div class=\"elementor-widget-container\">\n\t\t\t\t\t\t\t\t\t\t\t\t\t\t\t<img decoding=\"async\" width=\"188\" height=\"188\" src=\"https:\/\/thelaborbridge.com\/wp-content\/uploads\/2025\/02\/omar-.png\" class=\"attachment-large size-large wp-image-33\" alt=\"\" srcset=\"https:\/\/thelaborbridge.com\/wp-content\/uploads\/2025\/02\/omar-.png 188w, https:\/\/thelaborbridge.com\/wp-content\/uploads\/2025\/02\/omar--150x150.png 150w\" sizes=\"(max-width: 188px) 100vw, 188px\" \/>\t\t\t\t\t\t\t\t\t\t\t\t\t\t\t<\/div>\n\t\t\t\t<\/div>\n\t\t\t\t<\/div>\n\t\t<div class=\"elementor-element elementor-element-30b9ba4 e-con-full e-flex e-con e-child\" data-id=\"30b9ba4\" data-element_type=\"container\">\n\t\t\t\t<div class=\"elementor-element elementor-element-cf36e8c elementor-widget__width-initial elementor-widget elementor-widget-heading\" data-id=\"cf36e8c\" data-element_type=\"widget\" data-widget_type=\"heading.default\">\n\t\t\t\t<div class=\"elementor-widget-container\">\n\t\t\t\t\t<h2 class=\"elementor-heading-title elementor-size-default\">Omar Gonz\u00e1lez Silva \n<br>\nDirector General<\/h2>\t\t\t\t<\/div>\n\t\t\t\t<\/div>\n\t\t\t\t<div class=\"elementor-element elementor-element-14efefd elementor-widget__width-initial elementor-widget elementor-widget-heading\" data-id=\"14efefd\" data-element_type=\"widget\" data-widget_type=\"heading.default\">\n\t\t\t\t<div class=\"elementor-widget-container\">\n\t\t\t\t\t<h2 class=\"elementor-heading-title elementor-size-default\">Ejecutivo con m\u00e1s de 34 a\u00f1os de trayectoria en Empresas nacionales y multinacionales, en Recursos Humanos, Relaciones Laborales y Management Gerencial. Gerente Corporativo Nacional - Grupo Komatsu Cummins Chile. \n<br><br>\nCo-creador de CRITIC-AI\u2122. Asesor y Consultor en diversas empresas.\n<br><br>\nRoles Gerenciales en Embotelladora Andina, Metro de Santiago y Telef\u00f3nica Atento Chile. Combina experiencia ejecutiva estrat\u00e9gica con m\u00e1s de 280 procesos de Negociaci\u00f3n Colectiva y participaci\u00f3n de 11.580 trabajadores en dichas negociaciones.\n<br><br>\nMagister en Derecho Laboral del Trabajo Universidad de los Andes, Facultad de Derecho.<\/h2>\t\t\t\t<\/div>\n\t\t\t\t<\/div>\n\t\t\t\t<\/div>\n\t\t\t\t<\/div>\n\t\t<div class=\"elementor-element elementor-element-f8b115e e-con-full e-flex e-con e-child\" data-id=\"f8b115e\" data-element_type=\"container\">\n\t\t<div class=\"elementor-element elementor-element-6fdfb41 e-con-full e-flex e-con e-child\" data-id=\"6fdfb41\" data-element_type=\"container\">\n\t\t\t\t<div class=\"elementor-element elementor-element-10e6cf0 elementor-widget elementor-widget-image\" data-id=\"10e6cf0\" data-element_type=\"widget\" data-widget_type=\"image.default\">\n\t\t\t\t<div class=\"elementor-widget-container\">\n\t\t\t\t\t\t\t\t\t\t\t\t\t\t\t<img fetchpriority=\"high\" decoding=\"async\" width=\"404\" height=\"404\" src=\"https:\/\/thelaborbridge.com\/wp-content\/uploads\/2025\/09\/Luis_blancoynegro-1.png\" class=\"attachment-large size-large wp-image-525\" alt=\"\" srcset=\"https:\/\/thelaborbridge.com\/wp-content\/uploads\/2025\/09\/Luis_blancoynegro-1.png 404w, https:\/\/thelaborbridge.com\/wp-content\/uploads\/2025\/09\/Luis_blancoynegro-1-300x300.png 300w, https:\/\/thelaborbridge.com\/wp-content\/uploads\/2025\/09\/Luis_blancoynegro-1-150x150.png 150w\" sizes=\"(max-width: 404px) 100vw, 404px\" \/>\t\t\t\t\t\t\t\t\t\t\t\t\t\t\t<\/div>\n\t\t\t\t<\/div>\n\t\t\t\t<\/div>\n\t\t<div class=\"elementor-element elementor-element-22fc32b e-con-full e-flex e-con e-child\" data-id=\"22fc32b\" data-element_type=\"container\">\n\t\t\t\t<div class=\"elementor-element elementor-element-dfb49dd elementor-widget__width-initial elementor-widget elementor-widget-heading\" data-id=\"dfb49dd\" data-element_type=\"widget\" data-widget_type=\"heading.default\">\n\t\t\t\t<div class=\"elementor-widget-container\">\n\t\t\t\t\t<h2 class=\"elementor-heading-title elementor-size-default\">Luis  G\u00f3mez Barrera\n<br>\nDirector Asociado<\/h2>\t\t\t\t<\/div>\n\t\t\t\t<\/div>\n\t\t\t\t<div class=\"elementor-element elementor-element-18ae71c elementor-widget__width-initial elementor-widget elementor-widget-heading\" data-id=\"18ae71c\" data-element_type=\"widget\" data-widget_type=\"heading.default\">\n\t\t\t\t<div class=\"elementor-widget-container\">\n\t\t\t\t\t<h2 class=\"elementor-heading-title elementor-size-default\">Coach Ejecutivo, Consultor en Gesti\u00f3n de Personas. Con una amplia experiencia en gesti\u00f3n y dise\u00f1o organizacional, gesti\u00f3n del cambio, relaciones laborales y negociaci\u00f3n colectiva, gesti\u00f3n de talentos, compensaciones, desarrollo de competencias y hunting ejecutivo.\n<br><br>\nDesempe\u00f1\u00e1ndose en grandes empresas locales y multinacionales de la industria minera (Minera Zald\u00edvar. Cerro Colorado, Sandvik, Los Pelambres, Sierra Gorda y Caserones) como Superintendente, Gerente y Vicepresidente de Recursos Humanos, donde contribuyo al desarrollo y efectividad de los equipos de trabajo, potenciando el desarrollo de talentos y las habilidades para el desempe\u00f1o en los puestos presentes y futuros. \n<br><br>\nIngeniero Comercial, MBA Finanzas Corporativas Universidad de Chile.<\/h2>\t\t\t\t<\/div>\n\t\t\t\t<\/div>\n\t\t\t\t<\/div>\n\t\t\t\t<\/div>\n\t\t\t\t<\/div>\n\t\t<div class=\"elementor-element elementor-element-f02c0b1 e-con-full e-flex e-con e-child\" data-id=\"f02c0b1\" data-element_type=\"container\">\n\t\t<div class=\"elementor-element elementor-element-d032ff3 e-con-full e-flex e-con e-child\" data-id=\"d032ff3\" data-element_type=\"container\">\n\t\t<div class=\"elementor-element elementor-element-776966a e-con-full e-flex e-con e-child\" data-id=\"776966a\" data-element_type=\"container\">\n\t\t\t\t<div class=\"elementor-element elementor-element-d63c10e elementor-widget elementor-widget-image\" data-id=\"d63c10e\" data-element_type=\"widget\" data-widget_type=\"image.default\">\n\t\t\t\t<div class=\"elementor-widget-container\">\n\t\t\t\t\t\t\t\t\t\t\t\t\t\t\t<img loading=\"lazy\" decoding=\"async\" width=\"258\" height=\"262\" src=\"https:\/\/thelaborbridge.com\/wp-content\/uploads\/2025\/09\/Foto_Pmedina1-1.png\" class=\"attachment-large size-large wp-image-531\" alt=\"\" \/>\t\t\t\t\t\t\t\t\t\t\t\t\t\t\t<\/div>\n\t\t\t\t<\/div>\n\t\t\t\t<\/div>\n\t\t<div class=\"elementor-element elementor-element-4893320 e-con-full e-flex e-con e-child\" data-id=\"4893320\" data-element_type=\"container\">\n\t\t\t\t<div class=\"elementor-element elementor-element-831294a elementor-widget__width-initial elementor-widget elementor-widget-heading\" data-id=\"831294a\" data-element_type=\"widget\" data-widget_type=\"heading.default\">\n\t\t\t\t<div class=\"elementor-widget-container\">\n\t\t\t\t\t<h2 class=\"elementor-heading-title elementor-size-default\">Pablo Medina Rodr\u00edguez \n<br>\nDirector Comercial<\/h2>\t\t\t\t<\/div>\n\t\t\t\t<\/div>\n\t\t\t\t<div class=\"elementor-element elementor-element-f8a6886 elementor-widget__width-initial elementor-widget elementor-widget-heading\" data-id=\"f8a6886\" data-element_type=\"widget\" data-widget_type=\"heading.default\">\n\t\t\t\t<div class=\"elementor-widget-container\">\n\t\t\t\t\t<h2 class=\"elementor-heading-title elementor-size-default\"><br>\nEjecutivo con 20 a\u00f1os de experiencia en Gesti\u00f3n Comercial, Ventas, Marketing, Operaciones, Coaching, Administraci\u00f3n de personal y de procesos, Control de gesti\u00f3n y Management Gerencial en empresas como: Minera El Tesoro, CorreosChile, TNT Express Worldwide, Grupo Domin\u00f3 y actualmente en emprendimientos propios. \n<br><br>\nCo-creador de CRITIC-AI\u2122. Asesor y Consultor en diversas empresas.\n<br><br>\nIngeniero Comercial de la Universidad Diego Portales, MBA en la Pontificia Universidad Cat\u00f3lica de Chile, Diplomado en Marketing Digital en la Universidad Finis Terrae. Creaci\u00f3n de un modelo de gesti\u00f3n basado en una cultura de valor en Minera El Tesoro. \n<br><br>\nGanador Effie de Oro 2014 \/ Campa\u00f1a Vienesa Presidencial \/ Efectividad de Campa\u00f1a en categor\u00eda presupuesto reducido (Grupo Domin\u00f3)<\/h2>\t\t\t\t<\/div>\n\t\t\t\t<\/div>\n\t\t\t\t<\/div>\n\t\t\t\t<\/div>\n\t\t<div class=\"elementor-element elementor-element-1d61201 e-con-full e-flex e-con e-child\" data-id=\"1d61201\" data-element_type=\"container\">\n\t\t<div class=\"elementor-element elementor-element-0708582 e-con-full e-flex e-con e-child\" data-id=\"0708582\" data-element_type=\"container\">\n\t\t\t\t<div class=\"elementor-element elementor-element-ef835be elementor-widget elementor-widget-image\" data-id=\"ef835be\" data-element_type=\"widget\" data-widget_type=\"image.default\">\n\t\t\t\t<div class=\"elementor-widget-container\">\n\t\t\t\t\t\t\t\t\t\t\t\t\t\t\t<img loading=\"lazy\" decoding=\"async\" width=\"186\" height=\"184\" src=\"https:\/\/thelaborbridge.com\/wp-content\/uploads\/2025\/08\/Foto_Web_Arvind.png\" class=\"attachment-large size-large wp-image-486\" alt=\"\" \/>\t\t\t\t\t\t\t\t\t\t\t\t\t\t\t<\/div>\n\t\t\t\t<\/div>\n\t\t\t\t<\/div>\n\t\t<div class=\"elementor-element elementor-element-1ad8710 e-con-full e-flex e-con e-child\" data-id=\"1ad8710\" data-element_type=\"container\">\n\t\t\t\t<div class=\"elementor-element elementor-element-f451b13 elementor-widget__width-initial elementor-widget elementor-widget-heading\" data-id=\"f451b13\" data-element_type=\"widget\" data-widget_type=\"heading.default\">\n\t\t\t\t<div class=\"elementor-widget-container\">\n\t\t\t\t\t<h2 class=\"elementor-heading-title elementor-size-default\">Arvind LudhlArich \n<br>\nAdvisor en Innovaci\u00f3n &amp; Inteligencia Artificial\n<\/h2>\t\t\t\t<\/div>\n\t\t\t\t<\/div>\n\t\t\t\t<div class=\"elementor-element elementor-element-a678029 elementor-widget__width-initial elementor-widget elementor-widget-heading\" data-id=\"a678029\" data-element_type=\"widget\" data-widget_type=\"heading.default\">\n\t\t\t\t<div class=\"elementor-widget-container\">\n\t\t\t\t\t<h2 class=\"elementor-heading-title elementor-size-default\">Ejecutivo con m\u00e1s de 20 a\u00f1os de trayectoria en compa\u00f1\u00edas tecnol\u00f3gicas y de consultor\u00eda. L\u00edder de la unidad de Inteligencia Artificial de Seidor LATAM, donde ha impulsado proyectos en m\u00faltiples industrias, desarrollando soluciones de IA Generativa, Machine Learning y Computer Vision. \n <br><br>\nCo-creador de CRITIC-AI\u2122. Especialista en liderar inici\u00e1ticas de transformaci\u00f3n digital en empresas de tecnolog\u00eda, telecomunicaciones, retail, miner\u00eda y servicios financieros.\n<br><br>\nLiderazgo en m\u00e1s de 70 proyectos de inteligencia artificial implementados en clientes de gran escala. Dise\u00f1o e implementaci\u00f3n de productos propios como PriceMinder AI y MentoriX, con foco en monetizaci\u00f3n, eficiencia operacional y ventaja comparativa.\n<br><br>\nMBA Universidad Adolfo Iba\u00f1ez, Ingeniero, Consultor y Ejecutivo Senior con foco en inteligencia artificial, automatizaci\u00f3n y modelos de ingresos recurrentes. Profesor titular del curso de \"IA para Lideres\" en UTEC, Per\u00fa.\n<br><br>\nParticipaci\u00f3n en conferencias y medios especializados sobre el impacto de la IA en el liderazgo, el trabajo del futuro y la transformaci\u00f3n del negocio.<\/h2>\t\t\t\t<\/div>\n\t\t\t\t<\/div>\n\t\t\t\t<\/div>\n\t\t\t\t<\/div>\n\t\t<div class=\"elementor-element elementor-element-1649b4d e-con-full e-flex e-con e-child\" data-id=\"1649b4d\" data-element_type=\"container\">\n\t\t<div class=\"elementor-element elementor-element-dddd506 e-con-full e-flex e-con e-child\" data-id=\"dddd506\" data-element_type=\"container\">\n\t\t\t\t<div class=\"elementor-element elementor-element-5359f53 elementor-widget elementor-widget-image\" data-id=\"5359f53\" data-element_type=\"widget\" data-widget_type=\"image.default\">\n\t\t\t\t<div class=\"elementor-widget-container\">\n\t\t\t\t\t\t\t\t\t\t\t\t\t\t\t<img loading=\"lazy\" decoding=\"async\" width=\"188\" height=\"184\" src=\"https:\/\/thelaborbridge.com\/wp-content\/uploads\/2025\/08\/Foto_Web_Angel-1.png\" class=\"attachment-large size-large wp-image-485\" alt=\"\" \/>\t\t\t\t\t\t\t\t\t\t\t\t\t\t\t<\/div>\n\t\t\t\t<\/div>\n\t\t\t\t<\/div>\n\t\t<div class=\"elementor-element elementor-element-2d5818c e-con-full e-flex e-con e-child\" data-id=\"2d5818c\" data-element_type=\"container\">\n\t\t\t\t<div class=\"elementor-element elementor-element-052fc46 elementor-widget__width-initial elementor-widget elementor-widget-heading\" data-id=\"052fc46\" data-element_type=\"widget\" data-widget_type=\"heading.default\">\n\t\t\t\t<div class=\"elementor-widget-container\">\n\t\t\t\t\t<h2 class=\"elementor-heading-title elementor-size-default\">\u00c1ngel Soto Gamboa\n<br>\nAdvisor Pensamiento Cr\u00edtico &amp; Estrategia\n<\/h2>\t\t\t\t<\/div>\n\t\t\t\t<\/div>\n\t\t\t\t<div class=\"elementor-element elementor-element-c126dbd elementor-widget__width-initial elementor-widget elementor-widget-heading\" data-id=\"c126dbd\" data-element_type=\"widget\" data-widget_type=\"heading.default\">\n\t\t\t\t<div class=\"elementor-widget-container\">\n\t\t\t\t\t<h2 class=\"elementor-heading-title elementor-size-default\">Profesor Titular de la Facultad de Ciencias Econ\u00f3micas y Empresariales de la Universidad de los Andes, Chile. Profesor invitado en varias universidades, entre las que destaca la Escuela de Altos Estudios en Ciencias Sociales (EHESS) de Par\u00eds.\n<br><br>\nCo-creador de CRITIC-AI\u2122. Asesor y Consultor en diversas empresas. Estudi\u00f3 Critical Thinking for Business en Cornell University, Behavioral Economics en Chicago University y es graduado en Estrategia de la National Defense University (EEUU).Tambi\u00e9n curs\u00f3 los programas de \u201cFormaci\u00f3n de nuevos directores\u201d y \u201cNegociaci\u00f3n Estrat\u00e9gica\u201d (ESE Business School).\n<br><br>\nPhD, MBA ESE Business School, MA. Ciencia Pol\u00edtica y Licenciado en Historia, Pontificia Universidad Cat\u00f3lica de Chile. Especialista en Pensamiento cr\u00edtico en Econom\u00eda &amp; Negocios y en decisi\u00f3n estrat\u00e9gica. En el 2012 obtuvo el premio Templeton Freedom Awards en EEUU, en la categor\u00eda Social Entrepreneurship con su Serie \u201cEmprendedores Latinoamericanos\u201d.\n<br><br>\nHa publicado varios libros y art\u00edculos, entre los que destaca m\u00e1s recientemente la coautor\u00eda de \u201cLiderazgo Empresarial Femenino en la Historia de Chile\u201d y \u201c100 a\u00f1os de Impuesto a la Renta en Chile, 1924-2024\u201d.  Participaci\u00f3n en conferencias y medios especializados.\n<\/h2>\t\t\t\t<\/div>\n\t\t\t\t<\/div>\n\t\t\t\t<\/div>\n\t\t\t\t<\/div>\n\t\t\t\t<\/div>\n\t\t\t\t<\/div>\n\t\t<div class=\"elementor-element elementor-element-54b128d2 e-flex e-con-boxed e-con e-parent\" data-id=\"54b128d2\" data-element_type=\"container\" id=\"form\">\n\t\t\t\t\t<div class=\"e-con-inner\">\n\t\t<div class=\"elementor-element elementor-element-24f083f5 e-con-full e-flex e-con e-child\" data-id=\"24f083f5\" data-element_type=\"container\" data-settings=\"{&quot;background_background&quot;:&quot;classic&quot;}\">\n\t\t\t\t<div class=\"elementor-element elementor-element-31c21ec1 elementor-widget__width-initial elementor-widget elementor-widget-heading\" data-id=\"31c21ec1\" data-element_type=\"widget\" data-widget_type=\"heading.default\">\n\t\t\t\t<div class=\"elementor-widget-container\">\n\t\t\t\t\t<h2 class=\"elementor-heading-title elementor-size-default\">Cont\u00e1ctanos\n<\/h2>\t\t\t\t<\/div>\n\t\t\t\t<\/div>\n\t\t\t\t<div class=\"elementor-element elementor-element-40196b88 elementor-widget__width-initial elementor-widget elementor-widget-heading\" data-id=\"40196b88\" data-element_type=\"widget\" data-widget_type=\"heading.default\">\n\t\t\t\t<div class=\"elementor-widget-container\">\n\t\t\t\t\t<h2 class=\"elementor-heading-title elementor-size-default\">Llena el formulario para realizar tu consulta<\/h2>\t\t\t\t<\/div>\n\t\t\t\t<\/div>\n\t\t\t\t<div class=\"elementor-element elementor-element-4e04e8f6 elementor-widget elementor-widget-shortcode\" data-id=\"4e04e8f6\" data-element_type=\"widget\" data-widget_type=\"shortcode.default\">\n\t\t\t\t<div class=\"elementor-widget-container\">\n\t\t\t\t\t\t\t<div class=\"elementor-shortcode\">\n<div class=\"wpcf7 no-js\" id=\"wpcf7-f115-o1\" lang=\"es-ES\" dir=\"ltr\" data-wpcf7-id=\"115\">\n<div class=\"screen-reader-response\"><p role=\"status\" aria-live=\"polite\" aria-atomic=\"true\"><\/p> <ul><\/ul><\/div>\n<form action=\"\/index.php?rest_route=%2Fwp%2Fv2%2Fpages%2F80#wpcf7-f115-o1\" method=\"post\" class=\"wpcf7-form init\" aria-label=\"Formulario de contacto\" novalidate=\"novalidate\" data-status=\"init\">\n<div style=\"display: none;\">\n<input type=\"hidden\" name=\"_wpcf7\" value=\"115\" \/>\n<input type=\"hidden\" name=\"_wpcf7_version\" value=\"6.0.4\" \/>\n<input type=\"hidden\" name=\"_wpcf7_locale\" value=\"es_ES\" \/>\n<input type=\"hidden\" name=\"_wpcf7_unit_tag\" value=\"wpcf7-f115-o1\" \/>\n<input type=\"hidden\" name=\"_wpcf7_container_post\" value=\"0\" \/>\n<input type=\"hidden\" name=\"_wpcf7_posted_data_hash\" value=\"\" \/>\n<\/div>\n<p><label> Tu nombre<br \/>\n<span class=\"wpcf7-form-control-wrap\" data-name=\"your-name\"><input size=\"40\" maxlength=\"400\" class=\"wpcf7-form-control wpcf7-text wpcf7-validates-as-required\" autocomplete=\"name\" aria-required=\"true\" aria-invalid=\"false\" value=\"\" type=\"text\" name=\"your-name\" \/><\/span> <\/label>\n<\/p>\n<p><label> Tu correo electr\u00f3nico<br \/>\n<span class=\"wpcf7-form-control-wrap\" data-name=\"your-email\"><input size=\"40\" maxlength=\"400\" class=\"wpcf7-form-control wpcf7-email wpcf7-validates-as-required wpcf7-text wpcf7-validates-as-email\" autocomplete=\"email\" aria-required=\"true\" aria-invalid=\"false\" value=\"\" type=\"email\" name=\"your-email\" \/><\/span> <\/label>\n<\/p>\n<p><label> Tel\u00e9fono<br \/>\n<span class=\"wpcf7-form-control-wrap\" data-name=\"telefono\"><input size=\"40\" maxlength=\"400\" class=\"wpcf7-form-control wpcf7-tel wpcf7-validates-as-required wpcf7-text wpcf7-validates-as-tel\" aria-required=\"true\" aria-invalid=\"false\" value=\"\" type=\"tel\" name=\"telefono\" \/><\/span> <\/label>\n<\/p>\n<p><label> Empresa<br \/>\n<span class=\"wpcf7-form-control-wrap\" data-name=\"textp\"><input size=\"40\" maxlength=\"400\" class=\"wpcf7-form-control wpcf7-text\" aria-invalid=\"false\" value=\"\" type=\"text\" name=\"textp\" \/><\/span> <\/label>\n<\/p>\n<p><label> Asunto<br \/>\n<span class=\"wpcf7-form-control-wrap\" data-name=\"your-subject\"><input size=\"40\" maxlength=\"400\" class=\"wpcf7-form-control wpcf7-text wpcf7-validates-as-required\" aria-required=\"true\" aria-invalid=\"false\" value=\"\" type=\"text\" name=\"your-subject\" \/><\/span> <\/label>\n<\/p>\n<p><input class=\"wpcf7-form-control wpcf7-submit has-spinner\" type=\"submit\" value=\"Enviar\" \/>\n<\/p><div class=\"wpcf7-response-output\" aria-hidden=\"true\"><\/div>\n<\/form>\n<\/div>\n<\/div>\n\t\t\t\t\t\t<\/div>\n\t\t\t\t<\/div>\n\t\t\t\t<\/div>\n\t\t<div class=\"elementor-element elementor-element-704ef612 e-con-full e-flex e-con e-child\" data-id=\"704ef612\" data-element_type=\"container\">\n\t\t\t\t<div class=\"elementor-element elementor-element-7616c074 elementor-widget__width-initial elementor-widget elementor-widget-google_maps\" data-id=\"7616c074\" data-element_type=\"widget\" data-widget_type=\"google_maps.default\">\n\t\t\t\t<div class=\"elementor-widget-container\">\n\t\t\t\t\t\t\t<div class=\"elementor-custom-embed\">\n\t\t\t<iframe loading=\"lazy\"\n\t\t\t\t\tsrc=\"https:\/\/maps.google.com\/maps?q=Cerro%20el%20Plomo%205931%2C%20Las%20Condes%2C%20Santiago%2C%20Chile.&#038;t=m&#038;z=10&#038;output=embed&#038;iwloc=near\"\n\t\t\t\t\ttitle=\"Cerro el Plomo 5931, Las Condes, Santiago, Chile.\"\n\t\t\t\t\taria-label=\"Cerro el Plomo 5931, Las Condes, Santiago, Chile.\"\n\t\t\t><\/iframe>\n\t\t<\/div>\n\t\t\t\t\t\t<\/div>\n\t\t\t\t<\/div>\n\t\t\t\t<\/div>\n\t\t\t\t\t<\/div>\n\t\t\t\t<\/div>\n\t\t\t\t<\/div>\n\t\t","protected":false},"excerpt":{"rendered":"<p>EQUIPO DIRECTIVO | CONSULTOR Sad\u00ed Medina Rojas Director General\u200b Ejecutivo con m\u00e1s de 40 a\u00f1os de experiencia en Recursos Humanos, [&hellip;]<\/p>\n","protected":false},"author":1,"featured_media":0,"parent":0,"menu_order":0,"comment_status":"closed","ping_status":"closed","template":"","meta":{"site-sidebar-layout":"no-sidebar","site-content-layout":"","ast-site-content-layout":"full-width-container","site-content-style":"default","site-sidebar-style":"default","ast-global-header-display":"","ast-banner-title-visibility":"","ast-main-header-display":"","ast-hfb-above-header-display":"","ast-hfb-below-header-display":"","ast-hfb-mobile-header-display":"","site-post-title":"disabled","ast-breadcrumbs-content":"","ast-featured-img":"disabled","footer-sml-layout":"","theme-transparent-header-meta":"","adv-header-id-meta":"","stick-header-meta":"","header-above-stick-meta":"","header-main-stick-meta":"","header-below-stick-meta":"","astra-migrate-meta-layouts":"default","ast-page-background-enabled":"default","ast-page-background-meta":{"desktop":{"background-color":"var(--ast-global-color-5)","background-image":"","background-repeat":"repeat","background-position":"center center","background-size":"auto","background-attachment":"scroll","background-type":"","background-media":"","overlay-type":"","overlay-color":"","overlay-opacity":"","overlay-gradient":""},"tablet":{"background-color":"","background-image":"","background-repeat":"repeat","background-position":"center center","background-size":"auto","background-attachment":"scroll","background-type":"","background-media":"","overlay-type":"","overlay-color":"","overlay-opacity":"","overlay-gradient":""},"mobile":{"background-color":"","background-image":"","background-repeat":"repeat","background-position":"center center","background-size":"auto","background-attachment":"scroll","background-type":"","background-media":"","overlay-type":"","overlay-color":"","overlay-opacity":"","overlay-gradient":""}},"ast-content-background-meta":{"desktop":{"background-color":"var(--ast-global-color-4)","background-image":"","background-repeat":"repeat","background-position":"center center","background-size":"auto","background-attachment":"scroll","background-type":"","background-media":"","overlay-type":"","overlay-color":"","overlay-opacity":"","overlay-gradient":""},"tablet":{"background-color":"var(--ast-global-color-4)","background-image":"","background-repeat":"repeat","background-position":"center center","background-size":"auto","background-attachment":"scroll","background-type":"","background-media":"","overlay-type":"","overlay-color":"","overlay-opacity":"","overlay-gradient":""},"mobile":{"background-color":"var(--ast-global-color-4)","background-image":"","background-repeat":"repeat","background-position":"center center","background-size":"auto","background-attachment":"scroll","background-type":"","background-media":"","overlay-type":"","overlay-color":"","overlay-opacity":"","overlay-gradient":""}},"_joinchat":[],"footnotes":""},"class_list":["post-80","page","type-page","status-publish","hentry"],"_links":{"self":[{"href":"https:\/\/thelaborbridge.com\/index.php?rest_route=\/wp\/v2\/pages\/80","targetHints":{"allow":["GET"]}}],"collection":[{"href":"https:\/\/thelaborbridge.com\/index.php?rest_route=\/wp\/v2\/pages"}],"about":[{"href":"https:\/\/thelaborbridge.com\/index.php?rest_route=\/wp\/v2\/types\/page"}],"author":[{"embeddable":true,"href":"https:\/\/thelaborbridge.com\/index.php?rest_route=\/wp\/v2\/users\/1"}],"replies":[{"embeddable":true,"href":"https:\/\/thelaborbridge.com\/index.php?rest_route=%2Fwp%2Fv2%2Fcomments&post=80"}],"version-history":[{"count":51,"href":"https:\/\/thelaborbridge.com\/index.php?rest_route=\/wp\/v2\/pages\/80\/revisions"}],"predecessor-version":[{"id":543,"href":"https:\/\/thelaborbridge.com\/index.php?rest_route=\/wp\/v2\/pages\/80\/revisions\/543"}],"wp:attachment":[{"href":"https:\/\/thelaborbridge.com\/index.php?rest_route=%2Fwp%2Fv2%2Fmedia&parent=80"}],"curies":[{"name":"wp","href":"https:\/\/api.w.org\/{rel}","templated":true}]}}